{"id":2989,"date":"2011-01-31T00:31:23","date_gmt":"2011-01-30T23:31:23","guid":{"rendered":"https:\/\/testing.pixelcat.at\/?post_type=product&#038;p=2989"},"modified":"2024-01-15T00:01:36","modified_gmt":"2024-01-14T23:01:36","slug":"geistiges-eigentum-und-originalitat","status":"publish","type":"product","link":"https:\/\/shop.monochrom.at\/?product=geistiges-eigentum-und-originalitat","title":{"rendered":"Geistiges Eigentum und Originalit\u00e4t"},"content":{"rendered":"","protected":false},"excerpt":{"rendered":"<h4>Zur Politik der Wissens- und Kulturproduktion<\/h4>\n<p class=\"align-justify\">Mit der zunehmenden Bedeutung immaterieller G\u00fcter nimmt auch die Intensit\u00e4t der Konflikte um \u00bbGeistiges Eigentum\u00ab zu. Dabei fungiert der Mythos vom Original nach wie vor als Grundlage f\u00fcr Rechtsanspr\u00fcche auf exklusive Verf\u00fcgungsrechte. Wer ein Urheberrecht in Anspruch nehmen, eine Erfindung anmelden will, muss behaupten, die betreffenden Formen oder Verfahren seien das Ergebnis seiner origin\u00e4ren kreativen Leistung. Aber was ist Originalit\u00e4t? Unter welchen Umst\u00e4nden wird sie wem zugerechnet? Dieser Band bietet Bestandsaufnahmen und Analysen der rechtlichen, politischen, \u00f6konomischen und kulturellen Problemlage und Ans\u00e4tze zur Entwicklung eines neuen Verst\u00e4ndnisses von Autorschaft. Die Themen des Bandes reichen von der Kunst \u00fcber Netzkultur bis zu Biopatenten.<\/p>\n<h5>Mit Beitr\u00e4gen von<\/h5>\n<p class=\"align-justify\">Marietta B\u00f6ning (Wien), Ulrich Brand (Wien), Nikolaus Forg\u00f3 (Hannover, Wien), G\u00fcnther Friesinger (Wien), Volker Grassmuck (Berlin), Herbert Hrachovec (Wien), Odin Kroeger (Wien), Ren\u00e9 Kuppe (Wien), Paul Lohberger (Wien), Eberhard Ortland (Hildesheim), Christian Schmidt (Leipzig), Frank A. Schneider (Bamberg), Cornelia Sollfrank (Hamburg, Dundee), Felix Stalder (Wien, Z\u00fcrich) und Stefan Weber (Salzburg).<\/p>\n","protected":false},"featured_media":2990,"comment_status":"open","ping_status":"closed","template":"","meta":[],"class_list":{"0":"post-2989","1":"product","2":"type-product","3":"status-publish","4":"has-post-thumbnail","6":"product_cat-buch-kooperationen","7":"product_cat-buecher","8":"product_cat-theorie","9":"product_cat-turia-kant","10":"description-off","12":"first","13":"instock","14":"taxable","15":"shipping-taxable","16":"purchasable","17":"product-type-variable"},"_links":{"self":[{"href":"https:\/\/shop.monochrom.at\/index.php?rest_route=\/wp\/v2\/product\/2989"}],"collection":[{"href":"https:\/\/shop.monochrom.at\/index.php?rest_route=\/wp\/v2\/product"}],"about":[{"href":"https:\/\/shop.monochrom.at\/index.php?rest_route=\/wp\/v2\/types\/product"}],"replies":[{"embeddable":true,"href":"https:\/\/shop.monochrom.at\/index.php?rest_route=%2Fwp%2Fv2%2Fcomments&post=2989"}],"wp:featuredmedia":[{"embeddable":true,"href":"https:\/\/shop.monochrom.at\/index.php?rest_route=\/wp\/v2\/media\/2990"}],"wp:attachment":[{"href":"https:\/\/shop.monochrom.at\/index.php?rest_route=%2Fwp%2Fv2%2Fmedia&parent=2989"}],"curies":[{"name":"wp","href":"https:\/\/api.w.org\/{rel}","templated":true}]}}